{"id":18983,"date":"2022-10-06T23:03:44","date_gmt":"2022-10-06T23:03:44","guid":{"rendered":"https:\/\/transterrelogistics.com\/?page_id=18983"},"modified":"2022-10-07T16:06:40","modified_gmt":"2022-10-07T22:06:40","slug":"vucem","status":"publish","type":"page","link":"https:\/\/transterrelogistics.com\/index.php\/vucem\/","title":{"rendered":"VUCEM"},"content":{"rendered":"\t\t<div data-elementor-type=\"wp-page\" data-elementor-id=\"18983\" class=\"elementor elementor-18983\" data-elementor-post-type=\"page\">\n\t\t\t\t\t\t<section class=\"elementor-section elementor-top-section elementor-element elementor-element-9c02706 elementor-section-boxed elementor-section-height-default elementor-section-height-default sc_fly_static\" data-id=\"9c02706\" data-element_type=\"section\">\n\t\t\t\t\t\t<div class=\"elementor-container elementor-column-gap-extended\">\n\t\t\t\t\t<div class=\"elementor-column elementor-col-100 elementor-top-column elementor-element elementor-element-4a8e26b sc_inner_width_none sc_content_align_inherit sc_layouts_column_icons_position_left sc_fly_static\" data-id=\"4a8e26b\" data-element_type=\"column\">\n\t\t\t<div class=\"elementor-widget-wrap elementor-element-populated\">\n\t\t\t\t\t\t<div class=\"elementor-element elementor-element-ad80222 sc_fly_static elementor-widget elementor-widget-heading\" data-id=\"ad80222\" data-element_type=\"widget\" data-widget_type=\"heading.default\">\n\t\t\t\t<div class=\"elementor-widget-container\">\n\t\t\t\t\t<h1 class=\"elementor-heading-title elementor-size-default\">Aviso importante a todos nuestros clientes importadores y exportadores<\/h1>\t\t\t\t<\/div>\n\t\t\t\t<\/div>\n\t\t\t\t<div class=\"elementor-element elementor-element-749f02c sc_fly_static elementor-widget elementor-widget-text-editor\" data-id=\"749f02c\" data-element_type=\"widget\" data-widget_type=\"text-editor.default\">\n\t\t\t\t<div class=\"elementor-widget-container\">\n\t\t\t\t\t\t\t\t\t<section id=\"work\"><div class=\"container\"><div class=\"row\"><div class=\"col-lg-4 col-md-4 col-sm-4 wow fadeInUp\" data-wow-delay=\"0.6s\"><p>En relaci\u00f3n a la hoja informativa n\u00famero 7, donde se informa que derivado de la iniciativa de la Administraci\u00f3n general de Aduanas, hacia la aduana siglo 21 y la necesaria actualizaci\u00f3n y modernizaci\u00f3n de la plataforma de la ventanilla \u00fanica mexicana (VUCEM), para cumplir con los est\u00e1ndares internacionales que recomienda la OMA, VUCEM, llevo a cabo el cambio de dicha plataforma que incorpora mejoras y la hace m\u00e1s autom\u00e1tica y eficaz, por lo anterior les mostramos el nuevo portal donde ingresaran para los tramites en VUCEM.<\/p><p><img decoding=\"async\" src=\"https:\/\/transterrelogistics.com\/OLD\/assets\/images\/Avisos\/image01.png\" \/>\u00a0<img decoding=\"async\" src=\"https:\/\/transterrelogistics.com\/OLD\/assets\/images\/Avisos\/image02.png\" \/><\/p><p>***En el mismo portal se indica que encaso de presentar alguna inconsistencia o complicaci\u00f3n durante el tr\u00e1mite, podr\u00e1 consultar, iniciar o continuar con \u00e9l en la versi\u00f3n anterior de VICEM en:\u00a0<a href=\"https:\/\/www.ventanillaunica.gob.mx\/Beta\/\">www.ventanillaunica.gob.mx<\/a><\/p><p>Menciona que la informaci\u00f3n capturada en ambas versiones prevalecer\u00e1 en los registros:<\/p><p><img decoding=\"async\" src=\"https:\/\/transterrelogistics.com\/OLD\/assets\/images\/Avisos\/image03.png\" \/><\/p><p>Sin mas por el momento enviamos un cordial<\/p><p>saludo<\/p><p><a href=\"https:\/\/transterrelogistics.com\/index.html\">Regresar<\/a><\/p><\/div><\/div><\/div><\/section><footer><div class=\"container\"><div class=\"row\"><div class=\"col-md-12 col-sm-12\"><p>Derechos Reservados \u00ae Transterre Logistics 2020<\/p><\/div><\/div><\/div><\/footer>\t\t\t\t\t\t\t\t<\/div>\n\t\t\t\t<\/div>\n\t\t\t\t\t<\/div>\n\t\t<\/div>\n\t\t\t\t\t<\/div>\n\t\t<\/section>\n\t\t\t\t<\/div>\n\t\t","protected":false},"excerpt":{"rendered":"<p>Aviso importante a todos nuestros clientes importadores y exportadores En relaci\u00f3n a la hoja informativa n\u00famero 7, donde se informa que derivado de la iniciativa de la Administraci\u00f3n general de&hellip;<\/p>\n","protected":false},"author":1,"featured_media":0,"parent":0,"menu_order":0,"comment_status":"closed","ping_status":"closed","template":"","meta":{"footnotes":""},"class_list":["post-18983","page","type-page","status-publish","hentry"],"_links":{"self":[{"href":"https:\/\/transterrelogistics.com\/index.php\/wp-json\/wp\/v2\/pages\/18983","targetHints":{"allow":["GET"]}}],"collection":[{"href":"https:\/\/transterrelogistics.com\/index.php\/wp-json\/wp\/v2\/pages"}],"about":[{"href":"https:\/\/transterrelogistics.com\/index.php\/wp-json\/wp\/v2\/types\/page"}],"author":[{"embeddable":true,"href":"https:\/\/transterrelogistics.com\/index.php\/wp-json\/wp\/v2\/users\/1"}],"replies":[{"embeddable":true,"href":"https:\/\/transterrelogistics.com\/index.php\/wp-json\/wp\/v2\/comments?post=18983"}],"version-history":[{"count":6,"href":"https:\/\/transterrelogistics.com\/index.php\/wp-json\/wp\/v2\/pages\/18983\/revisions"}],"predecessor-version":[{"id":19092,"href":"https:\/\/transterrelogistics.com\/index.php\/wp-json\/wp\/v2\/pages\/18983\/revisions\/19092"}],"wp:attachment":[{"href":"https:\/\/transterrelogistics.com\/index.php\/wp-json\/wp\/v2\/media?parent=18983"}],"curies":[{"name":"wp","href":"https:\/\/api.w.org\/{rel}","templated":true}]}}